{"id":470,"date":"2017-12-19T09:15:17","date_gmt":"2017-12-19T09:15:17","guid":{"rendered":"http:\/\/www.escolesblaves.cat\/?page_id=470"},"modified":"2018-03-06T14:33:11","modified_gmt":"2018-03-06T14:33:11","slug":"campus-de-professorat","status":"publish","type":"page","link":"https:\/\/www.escolesblaves.cat\/en\/escoles-blaves\/campus-de-professorat\/","title":{"rendered":"Marine Science Camp for teachers"},"content":{"rendered":"<div class=\"vc_row wpb_row vc_row-fluid dt-default\" style=\"margin-top: 0px;margin-bottom: 0px\"><div class=\"wpb_column vc_column_container vc_col-sm-12\"><div class=\"vc_column-inner\"><div class=\"wpb_wrapper\">\n\t<div class=\"wpb_text_column wpb_content_element  vc_custom_1509020255938\" >\n\t\t<div class=\"wpb_wrapper\">\n\t\t\t<p>Our Marine Science Camp for teachers aims to bring together teachers and leading marine science researchers in Catalonia for an interesting interchange of ideas and information and also to share teaching and communication experiences which teachers may find useful for their schools.<br \/>\nThe research scientists participating in the project come from a range of different disciplines related to marine science and have all set up their own communication projects regarding their research.<\/p>\n<h3>Do you want to know the programme of our first teachers\u2019 camp?<\/h3>\n\n\t\t<\/div>\n\t<\/div>\n<\/div><\/div><\/div><\/div><div class=\"vc_row wpb_row vc_row-fluid dt-default\" style=\"margin-top: 0px;margin-bottom: 0px\"><div class=\"wpb_column vc_column_container vc_col-sm-6\"><div class=\"vc_column-inner\"><div class=\"wpb_wrapper\">\n\t<div class=\"wpb_text_column wpb_content_element\" >\n\t\t<div class=\"wpb_wrapper\">\n\t\t\t<h4 style=\"color: #6cbcd8;\">May 3rd, 2017<\/h4>\n\n\t\t<\/div>\n\t<\/div>\n<div class=\"uavc-list-icon uavc-list-icon-wrapper ult-adjust-bottom-margin\"><ul class=\"uavc-list\"><li><div class=\"uavc-list-content\" id=\"list-icon-wrap-4279\">\n<div class=\"uavc-list-icon\" data-animation=\"\" data-animation-delay=\"03\" style=\"margin-right:10px;\"><div class=\"ult-just-icon-wrapper\"><div class=\"align-icon\" style=\"text-align:center;\">\n<div class=\"aio-icon none\"  style=\"color:#333333;font-size:10px;display:inline-block;\">\n\t<i class=\"Defaults-chevron-right\"><\/i>\n<\/div><\/div><\/div>\n<\/div><span  data-ultimate-target='#list-icon-wrap-4279 .uavc-list-desc'  data-responsive-json-new='{\"font-size\":\"\",\"line-height\":\"\"}'  class=\"uavc-list-desc ult-responsive\" style=\"\">Morning Session<\/p>\n<p><strong>Dr. Jaume Piera Fern\u00e1ndez, from the Marine Sciences Institute (CSIC). Talk about physical oceanography, ocean observing systems and citizen science with Natusfera platform.<\/strong><\/span><\/div><\/li><li><div class=\"uavc-list-content\" id=\"list-icon-wrap-5640\">\n<div class=\"uavc-list-icon\" data-animation=\"\" data-animation-delay=\"03\" style=\"margin-right:10px;\"><div class=\"ult-just-icon-wrapper\"><div class=\"align-icon\" style=\"text-align:center;\">\n<div class=\"aio-icon none\"  style=\"color:#333333;font-size:10px;display:inline-block;\">\n\t<i class=\"Defaults-chevron-right\"><\/i>\n<\/div><\/div><\/div>\n<\/div><span  data-ultimate-target='#list-icon-wrap-5640 .uavc-list-desc'  data-responsive-json-new='{\"font-size\":\"\",\"line-height\":\"\"}'  class=\"uavc-list-desc ult-responsive\" style=\"\">Afternoon Session<\/p>\n<p><strong>Eli Bonfill, oceanographer and Blue Schools coordinator. Talk about marine resources, fisheries and responsible fish consumption. Practical session: trawl bycath and discards classification with Bernat Margalef, local fisherman.<\/strong><\/span><\/div><\/li><\/ul><\/div><\/div><\/div><\/div><div class=\"wpb_column vc_column_container vc_col-sm-6\"><div class=\"vc_column-inner\"><div class=\"wpb_wrapper\">\n\t<div class=\"wpb_text_column wpb_content_element\" >\n\t\t<div class=\"wpb_wrapper\">\n\t\t\t<h4 style=\"color: #6cbcd8;\">June 1st, 2017<\/h4>\n\n\t\t<\/div>\n\t<\/div>\n<div class=\"uavc-list-icon uavc-list-icon-wrapper ult-adjust-bottom-margin\"><ul class=\"uavc-list\"><li><div class=\"uavc-list-content\" id=\"list-icon-wrap-4686\">\n<div class=\"uavc-list-icon\" data-animation=\"\" data-animation-delay=\"03\" style=\"margin-right:10px;\"><div class=\"ult-just-icon-wrapper\"><div class=\"align-icon\" style=\"text-align:center;\">\n<div class=\"aio-icon none\"  style=\"color:#333333;font-size:10px;display:inline-block;\">\n\t<i class=\"Defaults-chevron-right\"><\/i>\n<\/div><\/div><\/div>\n<\/div><span  data-ultimate-target='#list-icon-wrap-4686 .uavc-list-desc'  data-responsive-json-new='{\"font-size\":\"\",\"line-height\":\"\"}'  class=\"uavc-list-desc ult-responsive\" style=\"\">Morning Session<\/p>\n<p><strong>Dr Creu Palac\u00edn, University of Barcelona. Talk about marine invertebrates. Practical session: research of marine invertebrats in a rocky area snorkeling.<\/strong><\/span><\/div><\/li><li><div class=\"uavc-list-content\" id=\"list-icon-wrap-7700\">\n<div class=\"uavc-list-icon\" data-animation=\"\" data-animation-delay=\"03\" style=\"margin-right:10px;\"><div class=\"ult-just-icon-wrapper\"><div class=\"align-icon\" style=\"text-align:center;\">\n<div class=\"aio-icon none\"  style=\"color:#333333;font-size:10px;display:inline-block;\">\n\t<i class=\"Defaults-chevron-right\"><\/i>\n<\/div><\/div><\/div>\n<\/div><span  data-ultimate-target='#list-icon-wrap-7700 .uavc-list-desc'  data-responsive-json-new='{\"font-size\":\"\",\"line-height\":\"\"}'  class=\"uavc-list-desc ult-responsive\" style=\"\">Afternoon Session<\/p>\n<p><strong>Dr Xevi Cuf\u00ed, University of Girona. Talk about marine robotics. Practical session: how to build a low cost ROV (Remote Operated Vehicle).<\/strong><\/span><\/div><\/li><\/ul><\/div><\/div><\/div><\/div><\/div><div class=\"vc_row wpb_row vc_row-fluid dt-default\" style=\"margin-top: 0px;margin-bottom: 0px\"><div class=\"wpb_column vc_column_container vc_col-sm-6\"><div class=\"vc_column-inner\"><div class=\"wpb_wrapper\">\n\t<div class=\"wpb_text_column wpb_content_element\" >\n\t\t<div class=\"wpb_wrapper\">\n\t\t\t<h4 style=\"color: #6cbcd8;\">May 24th, 2017<\/h4>\n\n\t\t<\/div>\n\t<\/div>\n<div class=\"uavc-list-icon uavc-list-icon-wrapper ult-adjust-bottom-margin\"><ul class=\"uavc-list\"><li><div class=\"uavc-list-content\" id=\"list-icon-wrap-2429\">\n<div class=\"uavc-list-icon\" data-animation=\"\" data-animation-delay=\"03\" style=\"margin-right:10px;\"><div class=\"ult-just-icon-wrapper\"><div class=\"align-icon\" style=\"text-align:center;\">\n<div class=\"aio-icon none\"  style=\"color:#333333;font-size:10px;display:inline-block;\">\n\t<i class=\"Defaults-chevron-right\"><\/i>\n<\/div><\/div><\/div>\n<\/div><span  data-ultimate-target='#list-icon-wrap-2429 .uavc-list-desc'  data-responsive-json-new='{\"font-size\":\"\",\"line-height\":\"\"}'  class=\"uavc-list-desc ult-responsive\" style=\"\">Morning Session<\/p>\n<p><strong>Dr. Rafael Sard\u00e0, Dr. Enric Sagrist\u00e0 and Dr. Luis Francisco Ruiz-Orej\u00f3n S\u00e1nchez-Pastor, from The Blanes Centre for Advanced Studies (CEAB-CSIC). Talk about coastal management and plastic pollution. Practical session: microplastic survey on beaches and participation on Sea Watchers citizen science platform.<\/strong><\/span><\/div><\/li><li><div class=\"uavc-list-content\" id=\"list-icon-wrap-7721\">\n<div class=\"uavc-list-icon\" data-animation=\"\" data-animation-delay=\"03\" style=\"margin-right:10px;\"><div class=\"ult-just-icon-wrapper\"><div class=\"align-icon\" style=\"text-align:center;\">\n<div class=\"aio-icon none\"  style=\"color:#333333;font-size:10px;display:inline-block;\">\n\t<i class=\"Defaults-chevron-right\"><\/i>\n<\/div><\/div><\/div>\n<\/div><span  data-ultimate-target='#list-icon-wrap-7721 .uavc-list-desc'  data-responsive-json-new='{\"font-size\":\"\",\"line-height\":\"\"}'  class=\"uavc-list-desc ult-responsive\" style=\"\">Afternoon Session<\/p>\n<p><strong>Dr Crist\u00f3bal Aguilera, Institute of Agro-food Research and Technology (IRTA). Talk about aquaculture. Practical session: how to create a hydroponic gardening system.<\/strong><\/span><\/div><\/li><\/ul><\/div><\/div><\/div><\/div><div class=\"wpb_column vc_column_container vc_col-sm-6\"><div class=\"vc_column-inner\"><div class=\"wpb_wrapper\">\n\t<div class=\"wpb_text_column wpb_content_element\" >\n\t\t<div class=\"wpb_wrapper\">\n\t\t\t<h4 style=\"color: #6cbcd8;\">June 7th, 2017<\/h4>\n\n\t\t<\/div>\n\t<\/div>\n<div class=\"uavc-list-icon uavc-list-icon-wrapper ult-adjust-bottom-margin\"><ul class=\"uavc-list\"><li><div class=\"uavc-list-content\" id=\"list-icon-wrap-8710\">\n<div class=\"uavc-list-icon\" data-animation=\"\" data-animation-delay=\"03\" style=\"margin-right:10px;\"><div class=\"ult-just-icon-wrapper\"><div class=\"align-icon\" style=\"text-align:center;\">\n<div class=\"aio-icon none\"  style=\"color:#333333;font-size:10px;display:inline-block;\">\n\t<i class=\"Defaults-chevron-right\"><\/i>\n<\/div><\/div><\/div>\n<\/div><span  data-ultimate-target='#list-icon-wrap-8710 .uavc-list-desc'  data-responsive-json-new='{\"font-size\":\"\",\"line-height\":\"\"}'  class=\"uavc-list-desc ult-responsive\" style=\"\">Morning Session<\/p>\n<p><strong>Dr Jordi Salat, Institute of Marine Sciences CSIC. Talk about physical oceanography. Practical session: salinity and temperature.<\/strong><\/span><\/div><\/li><li><div class=\"uavc-list-content\" id=\"list-icon-wrap-7302\">\n<div class=\"uavc-list-icon\" data-animation=\"\" data-animation-delay=\"03\" style=\"margin-right:10px;\"><div class=\"ult-just-icon-wrapper\"><div class=\"align-icon\" style=\"text-align:center;\">\n<div class=\"aio-icon none\"  style=\"color:#333333;font-size:10px;display:inline-block;\">\n\t<i class=\"Defaults-chevron-right\"><\/i>\n<\/div><\/div><\/div>\n<\/div><span  data-ultimate-target='#list-icon-wrap-7302 .uavc-list-desc'  data-responsive-json-new='{\"font-size\":\"\",\"line-height\":\"\"}'  class=\"uavc-list-desc ult-responsive\" style=\"\">Afternoon Session<\/p>\n<p><strong>Dr Esther Garc\u00e9s, Marine Sciences Institute CSIC. Talk about marine plankton. Practical session: observation of plankton in the microscopi, and \"Sea Dance-Keep the rythm\"interactive and educational activity.<\/strong><\/span><\/div><\/li><\/ul><\/div><\/div><\/div><\/div><\/div>","protected":false},"excerpt":{"rendered":"\"El Campus de Ci\u00e8ncies del Mar per a professorat buscava apropar al professorat els cient\u00edfics punters a Catalunya en recerca marina per tal que poguessin intercanviar informaci\u00f3 per\u00f2 tamb\u00e9 experi\u00e8ncies did\u00e0ctiques i divulgatives que el professorat pogu\u00e9s aplicar als seus centres educatius. Els i les investigadores que han participat al projecte pertanyen a diferents disciplines&hellip;","protected":false},"author":1,"featured_media":0,"parent":8,"menu_order":0,"comment_status":"closed","ping_status":"closed","template":"","meta":[],"yoast_head":"<!-- This site is optimized with the Yoast SEO plugin v16.0.1 - https:\/\/yoast.com\/wordpress\/plugins\/seo\/ -->\n<title>Campus de professorat | Escoles Blaves<\/title>\n<meta name=\"description\" content=\"\u00c9s un projecte divulgatiu que vol apropar el mar i la recerca marina a diferents p\u00fablics de la zona de les Terres de l\u2019Ebre.\" \/>\n<link rel=\"canonical\" href=\"https:\/\/www.escolesblaves.cat\/en\/escoles-blaves\/campus-de-professorat\/\" \/>\n<meta property=\"og:locale\" content=\"en_GB\" \/>\n<meta property=\"og:type\" content=\"article\" \/>\n<meta property=\"og:title\" content=\"Campus de professorat | Escoles Blaves\" \/>\n<meta property=\"og:description\" content=\"\u00c9s un projecte divulgatiu que vol apropar el mar i la recerca marina a diferents p\u00fablics de la zona de les Terres de l\u2019Ebre.\" \/>\n<meta property=\"og:url\" content=\"https:\/\/www.escolesblaves.cat\/en\/escoles-blaves\/campus-de-professorat\/\" \/>\n<meta property=\"og:site_name\" content=\"Escoles Blaves\" \/>\n<meta property=\"article:publisher\" content=\"https:\/\/www.facebook.com\/PlanctonDivulgacioIServeisMarins\" \/>\n<meta property=\"article:modified_time\" content=\"2018-03-06T14:33:11+00:00\" \/>\n<meta property=\"og:image\" content=\"http:\/\/www.escolesblaves.cat\/wp-content\/uploads\/2017\/05\/thumb-16.png\" \/>\n<meta name=\"twitter:card\" content=\"summary\" \/>\n<meta name=\"twitter:site\" content=\"@planctondivulga\" \/>\n<meta name=\"twitter:label1\" content=\"Estimated reading time\">\n\t<meta name=\"twitter:data1\" content=\"3 minutes\">\n<script type=\"application\/ld+json\" class=\"yoast-schema-graph\">{\"@context\":\"https:\/\/schema.org\",\"@graph\":[{\"@type\":\"Organization\",\"@id\":\"https:\/\/www.escolesblaves.cat\/#organization\",\"name\":\"Escoles blaves\",\"url\":\"https:\/\/www.escolesblaves.cat\/\",\"sameAs\":[\"https:\/\/www.facebook.com\/PlanctonDivulgacioIServeisMarins\",\"http:\/\/www.instagram.com\/planctondivulga\",\"https:\/\/twitter.com\/planctondivulga\"],\"logo\":{\"@type\":\"ImageObject\",\"@id\":\"https:\/\/www.escolesblaves.cat\/#logo\",\"inLanguage\":\"en-GB\",\"url\":\"https:\/\/www.escolesblaves.cat\/wp-content\/uploads\/2017\/05\/logo-web-01-01-01.png\",\"width\":208,\"height\":99,\"caption\":\"Escoles blaves\"},\"image\":{\"@id\":\"https:\/\/www.escolesblaves.cat\/#logo\"}},{\"@type\":\"WebSite\",\"@id\":\"https:\/\/www.escolesblaves.cat\/#website\",\"url\":\"https:\/\/www.escolesblaves.cat\/\",\"name\":\"Escoles Blaves\",\"description\":\"Apropem el mar a les Terres de l&#039;Ebre\",\"publisher\":{\"@id\":\"https:\/\/www.escolesblaves.cat\/#organization\"},\"potentialAction\":[{\"@type\":\"SearchAction\",\"target\":\"https:\/\/www.escolesblaves.cat\/?s={search_term_string}\",\"query-input\":\"required name=search_term_string\"}],\"inLanguage\":\"en-GB\"},{\"@type\":\"WebPage\",\"@id\":\"https:\/\/www.escolesblaves.cat\/en\/escoles-blaves\/campus-de-professorat\/#webpage\",\"url\":\"https:\/\/www.escolesblaves.cat\/en\/escoles-blaves\/campus-de-professorat\/\",\"name\":\"Campus de professorat | Escoles Blaves\",\"isPartOf\":{\"@id\":\"https:\/\/www.escolesblaves.cat\/#website\"},\"datePublished\":\"2017-12-19T09:15:17+00:00\",\"dateModified\":\"2018-03-06T14:33:11+00:00\",\"description\":\"\\u00c9s un projecte divulgatiu que vol apropar el mar i la recerca marina a diferents p\\u00fablics de la zona de les Terres de l\\u2019Ebre.\",\"breadcrumb\":{\"@id\":\"https:\/\/www.escolesblaves.cat\/en\/escoles-blaves\/campus-de-professorat\/#breadcrumb\"},\"inLanguage\":\"en-GB\",\"potentialAction\":[{\"@type\":\"ReadAction\",\"target\":[\"https:\/\/www.escolesblaves.cat\/en\/escoles-blaves\/campus-de-professorat\/\"]}]},{\"@type\":\"BreadcrumbList\",\"@id\":\"https:\/\/www.escolesblaves.cat\/en\/escoles-blaves\/campus-de-professorat\/#breadcrumb\",\"itemListElement\":[{\"@type\":\"ListItem\",\"position\":1,\"item\":{\"@type\":\"WebPage\",\"@id\":\"https:\/\/www.escolesblaves.cat\/\",\"url\":\"https:\/\/www.escolesblaves.cat\/\",\"name\":\"Inici\"}},{\"@type\":\"ListItem\",\"position\":2,\"item\":{\"@type\":\"WebPage\",\"@id\":\"https:\/\/www.escolesblaves.cat\/escoles-blaves\/\",\"url\":\"https:\/\/www.escolesblaves.cat\/escoles-blaves\/\",\"name\":\"Escoles blaves\"}},{\"@type\":\"ListItem\",\"position\":3,\"item\":{\"@type\":\"WebPage\",\"@id\":\"https:\/\/www.escolesblaves.cat\/en\/escoles-blaves\/campus-de-professorat\/\",\"url\":\"https:\/\/www.escolesblaves.cat\/en\/escoles-blaves\/campus-de-professorat\/\",\"name\":\"Campus de professorat\"}}]}]}<\/script>\n<!-- \/ Yoast SEO plugin. -->","_links":{"self":[{"href":"https:\/\/www.escolesblaves.cat\/en\/wp-json\/wp\/v2\/pages\/470"}],"collection":[{"href":"https:\/\/www.escolesblaves.cat\/en\/wp-json\/wp\/v2\/pages"}],"about":[{"href":"https:\/\/www.escolesblaves.cat\/en\/wp-json\/wp\/v2\/types\/page"}],"author":[{"embeddable":true,"href":"https:\/\/www.escolesblaves.cat\/en\/wp-json\/wp\/v2\/users\/1"}],"replies":[{"embeddable":true,"href":"https:\/\/www.escolesblaves.cat\/en\/wp-json\/wp\/v2\/comments?post=470"}],"version-history":[{"count":21,"href":"https:\/\/www.escolesblaves.cat\/en\/wp-json\/wp\/v2\/pages\/470\/revisions"}],"predecessor-version":[{"id":687,"href":"https:\/\/www.escolesblaves.cat\/en\/wp-json\/wp\/v2\/pages\/470\/revisions\/687"}],"up":[{"embeddable":true,"href":"https:\/\/www.escolesblaves.cat\/en\/wp-json\/wp\/v2\/pages\/8"}],"wp:attachment":[{"href":"https:\/\/www.escolesblaves.cat\/en\/wp-json\/wp\/v2\/media?parent=470"}],"curies":[{"name":"wp","href":"https:\/\/api.w.org\/{rel}","templated":true}]}}