{"id":582,"date":"2018-01-22T11:03:01","date_gmt":"2018-01-22T11:03:01","guid":{"rendered":"http:\/\/www.escolesblaves.cat\/?page_id=582"},"modified":"2018-01-22T11:39:54","modified_gmt":"2018-01-22T11:39:54","slug":"la-pressio-i-el-busseig","status":"publish","type":"page","link":"https:\/\/www.escolesblaves.cat\/en\/la-pressio-i-el-busseig\/","title":{"rendered":"Pressure and Diving (in Catalan)"},"content":{"rendered":"<div class=\"vc_row wpb_row vc_row-fluid dt-default\" style=\"margin-top: 0px;margin-bottom: 0px\"><div class=\"wpb_column vc_column_container vc_col-sm-3\"><div class=\"vc_column-inner\"><div class=\"wpb_wrapper\">\n\t<div  class=\"wpb_single_image wpb_content_element vc_align_left\">\n\t\t\n\t\t<figure class=\"wpb_wrapper vc_figure\">\n\t\t\t<a href=\"http:\/\/www.escolesblaves.cat\/en\/wp-content\/uploads\/2018\/01\/escolesblaves_pressions.pdf\/\" target=\"_blank\" class=\"vc_single_image-wrapper   vc_box_border_grey rollover\"><img width=\"1241\" height=\"1754\" src=\"https:\/\/www.escolesblaves.cat\/wp-content\/uploads\/2018\/01\/escolesblaves_pressions.jpg\" class=\"vc_single_image-img attachment-full\" alt=\"\" loading=\"lazy\" srcset=\"https:\/\/www.escolesblaves.cat\/wp-content\/uploads\/2018\/01\/escolesblaves_pressions.jpg 1241w, https:\/\/www.escolesblaves.cat\/wp-content\/uploads\/2018\/01\/escolesblaves_pressions-212x300.jpg 212w, https:\/\/www.escolesblaves.cat\/wp-content\/uploads\/2018\/01\/escolesblaves_pressions-768x1085.jpg 768w, https:\/\/www.escolesblaves.cat\/wp-content\/uploads\/2018\/01\/escolesblaves_pressions-725x1024.jpg 725w\" sizes=\"(max-width: 1241px) 100vw, 1241px\" \/><\/a>\n\t\t<\/figure>\n\t<\/div>\n<a href=\"http:\/\/www.escolesblaves.cat\/en\/wp-content\/uploads\/2018\/01\/escolesblaves_pressions.pdf\/\" class=\"default-btn-shortcode dt-btn dt-btn-l full-width-btn btn-inline-left\" id=\"default-btn-1\" title=\"Descarrega\" rel=\"nofollow\"><span>Descarregar el PDF<\/span><\/a><\/div><\/div><\/div><div class=\"wpb_column vc_column_container vc_col-sm-9\"><div class=\"vc_column-inner\"><div class=\"wpb_wrapper\"><div class=\"uavc-list-icon uavc-list-icon-wrapper ult-adjust-bottom-margin\"><ul class=\"uavc-list\"><li><div class=\"uavc-list-content\" id=\"list-icon-wrap-7223\">\n<div class=\"uavc-list-icon\" data-animation=\"\" data-animation-delay=\"03\" style=\"margin-right:5px;\"><div class=\"ult-just-icon-wrapper\"><div class=\"align-icon\" style=\"text-align:center;\">\n<div class=\"aio-icon none\"  style=\"color:#333333;font-size:32px;display:inline-block;\">\n\t<i class=\"Defaults-book\"><\/i>\n<\/div><\/div><\/div>\n<\/div><span  data-ultimate-target='#list-icon-wrap-7223 .uavc-list-desc'  data-responsive-json-new='{\"font-size\":\"\",\"line-height\":\"\"}'  class=\"uavc-list-desc ult-responsive\" style=\"\"><strong>Alumnat a qui va dirigit:<\/strong> Alumnat de 3er, 4rt d\u2019ESO i Batxillerat.<\/p>\n<p><strong>\u00c0rees\/Mat\u00e8ries:<\/strong> F\u00edsica, Biologia, Biodiversitat, Ci\u00e8ncies ambientals, Ci\u00e8ncies de la Terra, Qu\u00edmica i El cos hum\u00e0.<\/p>\n<p><strong>Descripci\u00f3:<\/strong><\/p>\n<p>Coneixes els efectes de les pressions en les persones que bussegen? I sobre les persones que fan apnea? Mitjan\u00e7ant les lleis de Dalton i Boyle trobarem la resposta a aquestes preguntes. A m\u00e9s, coneixerem perqu\u00e8 els mam\u00edfers marins poden assolir unes profunditats tant grans i passar tant de temps sota l\u2019aigua. Finalment descobrirem els fons marins, els peixos de profunditat i altres curiositats relacionades amb la fond\u00e0ria.<\/p>\n<p><strong>Aspectes metodol\u00f2gics:<\/strong><\/p>\n<p>Es far\u00e0 una sessi\u00f3 explicativa d\u2019una hora on es comenta l\u2019efecte de la pressi\u00f3 a les persones que bussegen o practiquen apnea. A m\u00e9s, parlarem les adaptacions biol\u00f2giques dels mam\u00edfers marins i alguns peixos a la profunditat.<br \/>\nPer acabar, s\u2019ha d\u2019omplir un q\u00fcestionari de recerca sobre el tema del fons mar\u00ed.<br \/>\nDe manera opcional, es pot proposar a l\u2019alumnat fer un bateig de submarinisme per comprovar de primera m\u00e0 com ens afecta la pressi\u00f3.<\/p>\n<p><strong>Objectius:<\/strong><\/p>\n<p>Entendre com afecten les pressions als animals, i les difer\u00e8ncies entre animals.<br \/>\nAssolir els coneixements per comprendre les lleis f\u00edsiques que ens afecten a causa de la pressi\u00f3.<br \/>\nCon\u00e8ixer totes aquelles esp\u00e8cies amb adaptacions biol\u00f2giques per a sobreviure a les profunditats.<\/p>\n<p><strong>Compet\u00e8ncies b\u00e0siques de l\u2019\u00e0mbit cientificotecnol\u00f2gic:<\/strong><\/p>\n<p>Compet\u00e8ncia 1. Identificar i caracteritzar els sistemes f\u00edsics i qu\u00edmics des de la perspectiva dels models, per comunicar i predir el comportament dels fen\u00f2mens naturals.<br \/>\nCompet\u00e8ncia 4. Identificar i resoldre problemes cient\u00edfics susceptibles de ser investigats en l\u2019\u00e0mbit escolar, que impliquin el disseny, la realitzaci\u00f3 i la comunicaci\u00f3 d\u2019investigacions experimentals.<br \/>\nCompet\u00e8ncia 12. Adoptar mesures de prevenci\u00f3 i h\u00e0bits saludables en l\u2019\u00e0mbit individual i social, fonamentades en el coneixement de les estrat\u00e8gies de detecci\u00f3 i resposta del cos hum\u00e0.<\/p>\n<p><strong>Recursos:<\/strong><\/p>\n<p>Guia did\u00e0ctica<br \/>\nQ\u00fcestionari<\/span><\/div><\/li><\/ul><\/div><\/div><\/div><\/div><\/div>","protected":false},"excerpt":{"rendered":"Descarregar el PDF Alumnat a qui va dirigit: Alumnat de 3er, 4rt d\u2019ESO i Batxillerat. \u00c0rees\/Mat\u00e8ries: F\u00edsica, Biologia, Biodiversitat, Ci\u00e8ncies ambientals, Ci\u00e8ncies de la Terra, Qu\u00edmica i El cos hum\u00e0. Descripci\u00f3: Coneixes els efectes de les pressions en les persones que bussegen? I sobre les persones que fan apnea? Mitjan\u00e7ant les lleis de Dalton i&hellip;","protected":false},"author":1,"featured_media":0,"parent":0,"menu_order":0,"comment_status":"closed","ping_status":"closed","template":"","meta":[],"yoast_head":"<!-- This site is optimized with the Yoast SEO plugin v16.0.1 - https:\/\/yoast.com\/wordpress\/plugins\/seo\/ -->\n<title>La pressi\u00f3 i el busseig | Escoles Blaves<\/title>\n<link rel=\"canonical\" href=\"https:\/\/www.escolesblaves.cat\/en\/la-pressio-i-el-busseig\/\" \/>\n<meta property=\"og:locale\" content=\"en_GB\" \/>\n<meta property=\"og:type\" content=\"article\" \/>\n<meta property=\"og:title\" content=\"La pressi\u00f3 i el busseig | Escoles Blaves\" \/>\n<meta property=\"og:url\" content=\"https:\/\/www.escolesblaves.cat\/en\/la-pressio-i-el-busseig\/\" \/>\n<meta property=\"og:site_name\" content=\"Escoles Blaves\" \/>\n<meta property=\"article:publisher\" content=\"https:\/\/www.facebook.com\/PlanctonDivulgacioIServeisMarins\" \/>\n<meta property=\"article:modified_time\" content=\"2018-01-22T11:39:54+00:00\" \/>\n<meta property=\"og:image\" content=\"http:\/\/www.escolesblaves.cat\/wp-content\/uploads\/2017\/05\/thumb-16.png\" \/>\n<meta name=\"twitter:card\" content=\"summary\" \/>\n<meta name=\"twitter:site\" content=\"@planctondivulga\" \/>\n<meta name=\"twitter:label1\" content=\"Estimated reading time\">\n\t<meta name=\"twitter:data1\" content=\"2 minutes\">\n<script type=\"application\/ld+json\" class=\"yoast-schema-graph\">{\"@context\":\"https:\/\/schema.org\",\"@graph\":[{\"@type\":\"Organization\",\"@id\":\"https:\/\/www.escolesblaves.cat\/#organization\",\"name\":\"Escoles blaves\",\"url\":\"https:\/\/www.escolesblaves.cat\/\",\"sameAs\":[\"https:\/\/www.facebook.com\/PlanctonDivulgacioIServeisMarins\",\"http:\/\/www.instagram.com\/planctondivulga\",\"https:\/\/twitter.com\/planctondivulga\"],\"logo\":{\"@type\":\"ImageObject\",\"@id\":\"https:\/\/www.escolesblaves.cat\/#logo\",\"inLanguage\":\"en-GB\",\"url\":\"https:\/\/www.escolesblaves.cat\/wp-content\/uploads\/2017\/05\/logo-web-01-01-01.png\",\"width\":208,\"height\":99,\"caption\":\"Escoles blaves\"},\"image\":{\"@id\":\"https:\/\/www.escolesblaves.cat\/#logo\"}},{\"@type\":\"WebSite\",\"@id\":\"https:\/\/www.escolesblaves.cat\/#website\",\"url\":\"https:\/\/www.escolesblaves.cat\/\",\"name\":\"Escoles Blaves\",\"description\":\"Apropem el mar a les Terres de l&#039;Ebre\",\"publisher\":{\"@id\":\"https:\/\/www.escolesblaves.cat\/#organization\"},\"potentialAction\":[{\"@type\":\"SearchAction\",\"target\":\"https:\/\/www.escolesblaves.cat\/?s={search_term_string}\",\"query-input\":\"required name=search_term_string\"}],\"inLanguage\":\"en-GB\"},{\"@type\":\"WebPage\",\"@id\":\"https:\/\/www.escolesblaves.cat\/la-pressio-i-el-busseig\/#webpage\",\"url\":\"https:\/\/www.escolesblaves.cat\/la-pressio-i-el-busseig\/\",\"name\":\"La pressi\\u00f3 i el busseig | Escoles Blaves\",\"isPartOf\":{\"@id\":\"https:\/\/www.escolesblaves.cat\/#website\"},\"datePublished\":\"2018-01-22T11:03:01+00:00\",\"dateModified\":\"2018-01-22T11:39:54+00:00\",\"breadcrumb\":{\"@id\":\"https:\/\/www.escolesblaves.cat\/la-pressio-i-el-busseig\/#breadcrumb\"},\"inLanguage\":\"en-GB\",\"potentialAction\":[{\"@type\":\"ReadAction\",\"target\":[\"https:\/\/www.escolesblaves.cat\/la-pressio-i-el-busseig\/\"]}]},{\"@type\":\"BreadcrumbList\",\"@id\":\"https:\/\/www.escolesblaves.cat\/la-pressio-i-el-busseig\/#breadcrumb\",\"itemListElement\":[{\"@type\":\"ListItem\",\"position\":1,\"item\":{\"@type\":\"WebPage\",\"@id\":\"https:\/\/www.escolesblaves.cat\/\",\"url\":\"https:\/\/www.escolesblaves.cat\/\",\"name\":\"Inici\"}},{\"@type\":\"ListItem\",\"position\":2,\"item\":{\"@type\":\"WebPage\",\"@id\":\"https:\/\/www.escolesblaves.cat\/la-pressio-i-el-busseig\/\",\"url\":\"https:\/\/www.escolesblaves.cat\/la-pressio-i-el-busseig\/\",\"name\":\"La pressi\\u00f3 i el busseig\"}}]}]}<\/script>\n<!-- \/ Yoast SEO plugin. -->","_links":{"self":[{"href":"https:\/\/www.escolesblaves.cat\/en\/wp-json\/wp\/v2\/pages\/582"}],"collection":[{"href":"https:\/\/www.escolesblaves.cat\/en\/wp-json\/wp\/v2\/pages"}],"about":[{"href":"https:\/\/www.escolesblaves.cat\/en\/wp-json\/wp\/v2\/types\/page"}],"author":[{"embeddable":true,"href":"https:\/\/www.escolesblaves.cat\/en\/wp-json\/wp\/v2\/users\/1"}],"replies":[{"embeddable":true,"href":"https:\/\/www.escolesblaves.cat\/en\/wp-json\/wp\/v2\/comments?post=582"}],"version-history":[{"count":3,"href":"https:\/\/www.escolesblaves.cat\/en\/wp-json\/wp\/v2\/pages\/582\/revisions"}],"predecessor-version":[{"id":604,"href":"https:\/\/www.escolesblaves.cat\/en\/wp-json\/wp\/v2\/pages\/582\/revisions\/604"}],"wp:attachment":[{"href":"https:\/\/www.escolesblaves.cat\/en\/wp-json\/wp\/v2\/media?parent=582"}],"curies":[{"name":"wp","href":"https:\/\/api.w.org\/{rel}","templated":true}]}}