{"id":86,"date":"2017-05-16T10:50:25","date_gmt":"2017-05-16T10:50:25","guid":{"rendered":"http:\/\/www.escolesblaves.cat\/?page_id=86"},"modified":"2018-02-12T13:22:04","modified_gmt":"2018-02-12T13:22:04","slug":"enllacos-dinteres","status":"publish","type":"page","link":"https:\/\/www.escolesblaves.cat\/en\/enllacos-dinteres\/","title":{"rendered":"Links of interest"},"content":{"rendered":"<div class=\"vc_row wpb_row vc_row-fluid dt-default\" style=\"margin-top: 0px;margin-bottom: 0px\"><div class=\"wpb_column vc_column_container vc_col-sm-6\"><div class=\"vc_column-inner\"><div class=\"wpb_wrapper\"><div class=\"smile_icon_list_wrap ult-adjust-bottom-margin\"><ul class=\"smile_icon_list left square with_bg\"><li class=\"icon_list_item\" style=\" font-size:72px;\"><div class=\"icon_list_icon\" data-animation=\"\" data-animation-delay=\"03\" style=\"font-size:24px;border-width:1px;border-style:none;background:#ffffff;color:#333333;border-color:#333333;\"><i class=\"Defaults-search\" ><\/i><\/div><div class=\"icon_description\" id=\"Info-list-wrap-7043\" style=\"font-size:24px;\"><h3 class=\"ult-responsive\"  data-ultimate-target='#Info-list-wrap-7043 h3'  data-responsive-json-new='{\"font-size\":\"desktop:21px;\",\"line-height\":\"desktop:80px;\"}'  style=\"\">Research Centres<\/h3><div class=\"icon_description_text ult-responsive\"  data-ultimate-target='#Info-list-wrap-7043 .icon_description_text'  data-responsive-json-new='{\"font-size\":\"desktop:13px;\",\"line-height\":\"desktop:18px;\"}'  style=\"\"><ul>\n<li><a href=\"http:\/\/www.irta.cat\/es-es\/RIT\/Centres\/paginas\/SantCarlesdelaR%C3%A0pita.aspx\"><span style=\"font-weight: 400;\">Institute of Agro-food Research and Technology, IRTA Sant Carles de la R\u00e0pita<\/span><\/a><\/li>\n<\/ul>\n<ul>\n<li><a href=\"http:\/\/www.icm.csic.es\/\"><span style=\"font-weight: 400;\">Marine Sciences Institute CSIC, Barcelona<\/span><\/a><\/li>\n<\/ul>\n<ul>\n<li><a href=\"http:\/\/www.ceab.csic.es\/es\/\"><span style=\"font-weight: 400;\">The Blanes Centre for Advanced Studies (CEAB-CSIC), Blanes<\/span><\/a><\/li>\n<\/ul>\n<ul>\n<li><a href=\"http:\/\/www.ba.ieo.es\/\"><span style=\"font-weight: 400;\">Baleares Oceanographic Center IEO, Palma de Mallorca<\/span><\/a><\/li>\n<li><a href=\"http:\/\/imedea.uib-csic.es\/?lang=ca\"><span style=\"font-weight: 400;\">Mediterranean Institute for Advanced Studies (IMEDEA-CSIC), Esporles <\/span><\/a><\/li>\n<\/ul>\n<\/div><\/div><div class=\"icon_list_connector\"  style=\"border-color:#333333;\"><\/div><\/li><\/ul><\/div><\/div><\/div><\/div><div class=\"wpb_column vc_column_container vc_col-sm-6\"><div class=\"vc_column-inner\"><div class=\"wpb_wrapper\"><div class=\"smile_icon_list_wrap ult-adjust-bottom-margin\"><ul class=\"smile_icon_list left square with_bg\"><li class=\"icon_list_item\" style=\" font-size:72px;\"><div class=\"icon_list_icon\" data-animation=\"\" data-animation-delay=\"03\" style=\"font-size:24px;border-width:1px;border-style:none;background:#ffffff;color:#333333;border-color:#333333;\"><i class=\"Defaults-eye\" ><\/i><\/div><div class=\"icon_description\" id=\"Info-list-wrap-8555\" style=\"font-size:24px;\"><h3 class=\"ult-responsive\"  data-ultimate-target='#Info-list-wrap-8555 h3'  data-responsive-json-new='{\"font-size\":\"desktop:21px;\",\"line-height\":\"desktop:80px;\"}'  style=\"\">Citizen Science<\/h3><div class=\"icon_description_text ult-responsive\"  data-ultimate-target='#Info-list-wrap-8555 .icon_description_text'  data-responsive-json-new='{\"font-size\":\"desktop:13px;\",\"line-height\":\"desktop:18px;\"}'  style=\"\"><ul>\n<li><a href=\"http:\/\/www.observadoresdelmar.es\/\"><span style=\"font-weight: 400;\">Sea Watchers<\/span><\/a><br \/>\n<i><span style=\"font-weight: 400;\">Mediterranean citizen science portal by which people in contact with the sea can share their observations and experience regarding changing phenomena in this environment, which is useful for various marine research projects.<\/span><\/i><\/li>\n<li><a href=\"http:\/\/natusfera.gbif.es\/\">Natusfera<\/a><br \/>\n<i>Natusfera is an adaptation of iNaturalist developed by CREAF and Bineo Consulting, where you can upload your fauna and flora pictures to share it with the community.<\/i><\/li>\n<li><a href=\"http:\/\/marduino-project.icm.csic.es\/\"><span style=\"font-weight: 400;\">Marduino, my buoy, our data and the sea<\/span><\/a><br \/>\n<i><span style=\"font-weight: 400;\">A project for measuring the sea water transparency in a collaborative way.<\/span><\/i><\/li>\n<li><a href=\"http:\/\/www.citclops.eu\/\"><span style=\"font-weight: 400;\">Citclops<\/span><\/a><br \/>\n<i><span style=\"font-weight: 400;\">Citizens\u2019 Observatory for Coast and Ocean Optical Monitoring<\/span><\/i><br \/>\n<i><span style=\"font-weight: 400;\">Observatori Ciutad\u00e0 per al seguiment de la costa i l&#8217;oce\u00e0<\/span><\/i><\/li>\n<li><a href=\"http:\/\/www.sharktrust.org\/en\/great_eggcase_hunt\"><span style=\"font-weight: 400;\">The great eggcase hunt project<\/span><\/a><br \/>\n<em><span style=\"font-weight: 400;\">The project quickly developed with the aim of getting as many people as possible out hunting for eggcases and recording their finds. Empty eggcases can help indicate species presence and diversity<\/span><\/em><\/li>\n<\/ul>\n<\/div><\/div><div class=\"icon_list_connector\"  style=\"border-color:#333333;\"><\/div><\/li><\/ul><\/div><\/div><\/div><\/div><\/div><div class=\"vc_row wpb_row vc_row-fluid dt-default\" style=\"margin-top: 0px;margin-bottom: 0px\"><div class=\"wpb_column vc_column_container vc_col-sm-6\"><div class=\"vc_column-inner\"><div class=\"wpb_wrapper\"><div class=\"smile_icon_list_wrap ult-adjust-bottom-margin\"><ul class=\"smile_icon_list left square with_bg\"><li class=\"icon_list_item\" style=\" font-size:72px;\"><div class=\"icon_list_icon\" data-animation=\"\" data-animation-delay=\"03\" style=\"font-size:24px;border-width:1px;border-style:none;background:#ffffff;color:#333333;border-color:#333333;\"><i class=\"Defaults-book\" ><\/i><\/div><div class=\"icon_description\" id=\"Info-list-wrap-6553\" style=\"font-size:24px;\"><h3 class=\"ult-responsive\"  data-ultimate-target='#Info-list-wrap-6553 h3'  data-responsive-json-new='{\"font-size\":\"desktop:21px;\",\"line-height\":\"desktop:80px;\"}'  style=\"\">Learning materials<\/h3><div class=\"icon_description_text ult-responsive\"  data-ultimate-target='#Info-list-wrap-6553 .icon_description_text'  data-responsive-json-new='{\"font-size\":\"desktop:13px;\",\"line-height\":\"desktop:18px;\"}'  style=\"\"><h4><span style=\"font-weight: 400;\">General Resources<\/span><\/h4>\n<p><a href=\"http:\/\/apliense.xtec.cat\/arc\/\"><span style=\"font-weight: 400;\">ARC (Aplicaci\u00f3 de Recursos al Curr\u00edculum)<\/span><\/a><\/p>\n<p><span style=\"font-weight: 400;\">Education Department, Government of Catalonia<\/span><\/p>\n<p><i><span style=\"font-weight: 400;\">Platform for teachers to share teaching proposals associated with basic skills and educative curriculum materials.<\/span><\/i><\/p>\n<h4><\/h4>\n<h4><span style=\"font-weight: 400;\">Coastal and Marine Resources<\/span><\/h4>\n<p><a href=\"http:\/\/icmdivulga.icm.csic.es\/material-didactic\/?lang=ca\">ICM Divulga<\/a><\/p>\n<p><em><span style=\"font-weight: 400;\">Dissemination portal of what researchers do at Marine Sciences Institute CSIC. Full of interesting learning materials.<\/span><\/em><\/p>\n<p><a href=\"https:\/\/naturalistes-trenc-ona.wikispaces.com\/\"><span style=\"font-weight: 400;\">Naturalistes a trenc d'ona<\/span><\/a><\/p>\n<p><i><span style=\"font-weight: 400;\">A repository of resources and activities of natural sciences, biology and geology on the Mediterranean coast.<\/span><\/i><\/p>\n<p><a href=\"https:\/\/www.educaixa.com\/ca\/-\/los-bosques-marinos\">EduCaixa Educant dins i fora de l\u2019aula<\/a><\/p>\n<p><i><span style=\"font-weight: 400;\">Educational platform of the \u201cla Caixa\u201d Foundation, designed to offer learning tools and resources.<\/span><\/i><\/p>\n<p><a href=\"http:\/\/www.physocean.icm.csic.es\/index-es.html\"><span style=\"font-weight: 400;\">ICM. Introduction to oceanography<\/span><\/a><\/p>\n<p><i><span style=\"font-weight: 400;\">Website of educational resources on Oceanography.<\/span><\/i><\/p>\n<h4><\/h4>\n<h4>Malacology<\/h4>\n<p><a href=\"http:\/\/www.elrincondelmalacologo.com\/Como%20hacer%20una%20coleccion%20de%20conchas.htm\">How to do your own malacology collection<\/a><\/p>\n<p><em>All the steps to do your own classification of shells.<br \/>\n<\/em><\/p>\n<p><a href=\"http:\/\/www.molluscat.com\/\">Catalan Association of Malacology<\/a><\/p>\n<p><em><span class=\"texto-bold1\">L&#8217;ACM<\/span>\u00a0NGO whose main goal is to promote the study of malacology in Catalonia.<\/em><\/p>\n<p><a href=\"http:\/\/malacologia-sem.es\/\">The Spanish Society of Malacology<\/a><\/p>\n<p><em>NGO whose main goal is to promote the study of malacology in Spain.<\/em><\/p>\n<p><a href=\"http:\/\/www.usc.es\/export9\/sites\/webinstitucional\/gl\/investigacion\/grupos\/malaterra\/publicaciones\/IV_Ciclo\/LIBRO_Biologia_Aplicada_Dr_Castillejo.pdf\">The fundamentals about malacology (Santiago de Compostela University)<\/a><\/p>\n<p><em>Some concepts about the biology of the mollusca.<br \/>\n<\/em><\/p>\n<p>&nbsp;<\/p>\n<h4>Seagrasses<\/h4>\n<p><a href=\"http:\/\/www.ieo.es\/es\/atlas-praderas-marinas;jsessionid=BE1791290DDE7A80DD3F1C6C02AD152E\">Spanish Atlas of Seagrasses<\/a><\/p>\n<p>Atlas that includes the most precise and realistic seagrass maps for each region of the Spanish coast which have been integrated in a GIS to obtain the distribution and area of each seagrass species.<\/p>\n<p><a href=\"https:\/\/imedea.uib-csic.es\/master\/cambioglobal\/Modulo_V_cod101611\/Coastal%20sinks%20%28seagrasses_mangroves_saltmarshes%29\/Bibliography_coastal\/Seagrasses%20and%20global%20change.pdf\">Presentation \"The role of seagrasses in the face of climate change\"<\/a><\/p>\n<p>Pdf presentation done by the Biology Department of Cadiz University about the role of seagrasses on climate change mitigation.<\/p>\n<p><a href=\"http:\/\/www.obsam.cat\/documents\/articles\/posidonia-oceanica.pdf\">Article \"The knowledge of Posidonia oceanica and its ecological functions as a tool for coastal management\"<\/a><\/p>\n<p>Scientific paper written by OBSAM from the information obtained by several questionnaires to people on beaches in order to value their knowledge about neptune seagrass (Posidonia oceanica). Interesting methodology to replicate on student projects.<\/p>\n<p>&nbsp;<\/p>\n<h4>Aquaculture<\/h4>\n<p><a href=\"https:\/\/ec.europa.eu\/fisheries\/inseparable\/es\/farmed-eu\">\"Farmed in the EU\". Aquaculture School Project<\/a><\/p>\n<p>Learning resources to introduce aquaculture on schools.<\/p>\n<\/div><\/div><div class=\"icon_list_connector\"  style=\"border-color:#333333;\"><\/div><\/li><\/ul><\/div>\n\t<div  class=\"wpb_single_image wpb_content_element vc_align_left  vc_custom_1495018906803\">\n\t\t\n\t\t<figure class=\"wpb_wrapper vc_figure\">\n\t\t\t<div class=\"vc_single_image-wrapper   vc_box_border_grey\"><img width=\"1354\" height=\"1167\" src=\"https:\/\/www.escolesblaves.cat\/wp-content\/uploads\/2017\/05\/ona-10.png\" class=\"vc_single_image-img attachment-full\" alt=\"\" loading=\"lazy\" srcset=\"https:\/\/www.escolesblaves.cat\/wp-content\/uploads\/2017\/05\/ona-10.png 1354w, https:\/\/www.escolesblaves.cat\/wp-content\/uploads\/2017\/05\/ona-10-300x259.png 300w, https:\/\/www.escolesblaves.cat\/wp-content\/uploads\/2017\/05\/ona-10-768x662.png 768w, https:\/\/www.escolesblaves.cat\/wp-content\/uploads\/2017\/05\/ona-10-1024x883.png 1024w\" sizes=\"(max-width: 1354px) 100vw, 1354px\" \/><\/div>\n\t\t<\/figure>\n\t<\/div>\n<\/div><\/div><\/div><div class=\"wpb_column vc_column_container vc_col-sm-6\"><div class=\"vc_column-inner\"><div class=\"wpb_wrapper\"><div class=\"smile_icon_list_wrap ult-adjust-bottom-margin\"><ul class=\"smile_icon_list left square with_bg\"><li class=\"icon_list_item\" style=\" font-size:72px;\"><div class=\"icon_list_icon\" data-animation=\"\" data-animation-delay=\"03\" style=\"font-size:24px;border-width:1px;border-style:none;background:#ffffff;color:#333333;border-color:#333333;\"><i class=\"Defaults-leaf\" ><\/i><\/div><div class=\"icon_description\" id=\"Info-list-wrap-7912\" style=\"font-size:24px;\"><h3 class=\"ult-responsive\"  data-ultimate-target='#Info-list-wrap-7912 h3'  data-responsive-json-new='{\"font-size\":\"desktop:21px;\",\"line-height\":\"desktop:80px;\"}'  style=\"\">Marine and coastal protected areas<\/h3><div class=\"icon_description_text ult-responsive\"  data-ultimate-target='#Info-list-wrap-7912 .icon_description_text'  data-responsive-json-new='{\"font-size\":\"desktop:13px;\",\"line-height\":\"desktop:18px;\"}'  style=\"\"><h4><span style=\"font-weight: 400;\">Natural Parks<\/span><\/h4>\n<p><a href=\"http:\/\/www.ebre.com\/parc-natural-del-delta-de-l-ebre\/\">Delta del Ebro Natural Park<\/a><\/p>\n<p><a href=\"http:\/\/www.parquesnaturales.gva.es\/ca\/web\/pn-serra-d-irta\/serra-d-irta\"><span style=\"font-weight: 400;\">Serra d'Irta Natural Park<\/span><\/a><\/p>\n<p><a href=\"http:\/\/www.parquesnaturales.gva.es\/ca\/web\/pn-illes-columbretes\"><span style=\"font-weight: 400;\">Columbretes Islands Natural Park<\/span><\/a><\/p>\n<h4><\/h4>\n<p>&nbsp;<\/p>\n<h4>Other protected areas in Tarragona's province<\/h4>\n<p><a href=\"http:\/\/mediambient.gencat.cat\/ca\/05_ambits_dactuacio\/patrimoni_natural\/senp_catalunya\/espais_sistema\/terres_de_l_ebre\/csc\/\"><span style=\"font-weight: 400;\">Cap de Santes Creus<\/span><\/a><\/p>\n<p><a href=\"http:\/\/mediambient.gencat.cat\/ca\/05_ambits_dactuacio\/patrimoni_natural\/senp_catalunya\/espais_sistema\/camp_de_tarragona\/gai\/\"><span style=\"font-weight: 400;\">Desembocadura del riu Gai\u00e0<\/span><\/a><\/p>\n<p><a href=\"http:\/\/mediambient.gencat.cat\/ca\/05_ambits_dactuacio\/patrimoni_natural\/senp_catalunya\/espais_sistema\/camp_de_tarragona\/la-rojala-platja-del-torn\/\"><span style=\"font-weight: 400;\">La Rojala-Platja del Torn<\/span><\/a><\/p>\n<p><a href=\"http:\/\/mediambient.gencat.cat\/ca\/05_ambits_dactuacio\/patrimoni_natural\/senp_catalunya\/espais_sistema\/camp_de_tarragona\/tpm\/\"><span style=\"font-weight: 400;\">Platja de Torredembarra i Creixell<\/span><\/a><\/p>\n<p><a href=\"http:\/\/mediambient.gencat.cat\/ca\/05_ambits_dactuacio\/patrimoni_natural\/senp_catalunya\/espais_sistema\/camp_de_tarragona\/platja-de-torredembarra-i-creixell\/\"><span style=\"font-weight: 400;\">Tamarit-Punta de la M\u00f3ra<\/span><\/a><\/p>\n<\/div><\/div><div class=\"icon_list_connector\"  style=\"border-color:#333333;\"><\/div><\/li><\/ul><\/div><div class=\"smile_icon_list_wrap ult-adjust-bottom-margin\"><ul class=\"smile_icon_list left square with_bg\"><li class=\"icon_list_item\" style=\" font-size:72px;\"><div class=\"icon_list_icon\" data-animation=\"\" data-animation-delay=\"03\" style=\"font-size:24px;border-width:1px;border-style:none;background:#ffffff;color:#333333;border-color:#333333;\"><i class=\"Defaults-wrench\" ><\/i><\/div><div class=\"icon_description\" id=\"Info-list-wrap-1460\" style=\"font-size:24px;\"><h3 class=\"ult-responsive\"  data-ultimate-target='#Info-list-wrap-1460 h3'  data-responsive-json-new='{\"font-size\":\"desktop:21px;\",\"line-height\":\"desktop:80px;\"}'  style=\"\">Cartography tools<\/h3><div class=\"icon_description_text ult-responsive\"  data-ultimate-target='#Info-list-wrap-1460 .icon_description_text'  data-responsive-json-new='{\"font-size\":\"desktop:13px;\",\"line-height\":\"desktop:18px;\"}'  style=\"\"><p><a href=\"http:\/\/sig.gencat.cat\/visors\/enaturals.html\"><span style=\"font-weight: 400;\">Viewer of protected areas in Catalonia<\/span><\/a><\/p>\n<p><i><span style=\"font-weight: 400;\">GIS type cartographic tool of the protected natural areas of Catalonia<\/span><\/i><\/p>\n<p><a href=\"http:\/\/www.ieo-santander.net\/teledeteccion\/resultados_imagenes.php\"><span style=\"font-weight: 400;\">Oceanographic remote sensing. IEO Santander<\/span><\/a><\/p>\n<p><i><span style=\"font-weight: 400;\">Sea surface temperature maps of the NE Atlantic and Mediterranean. Almost up-to-date data and some historical series.<\/span><\/i><\/p>\n<p><a href=\"https:\/\/earthobservatory.nasa.gov\/GlobalMaps\/view.php?d1=MY1DMM_CHLORA&amp;d2=MYD28M\"><span style=\"font-weight: 400;\">NASA Earth Observatory<\/span><\/a><\/p>\n<p><i><span style=\"font-weight: 400;\">An online publishing outlet of satellite imagery and other scientific information pertaining to the climate and the environment which are being provided by NASA for consumption by the general public.<\/span><\/i><\/p>\n<\/div><\/div><div class=\"icon_list_connector\"  style=\"border-color:#333333;\"><\/div><\/li><\/ul><\/div><div class=\"smile_icon_list_wrap ult-adjust-bottom-margin\"><ul class=\"smile_icon_list left square with_bg\"><li class=\"icon_list_item\" style=\" font-size:72px;\"><div class=\"icon_list_icon\" data-animation=\"\" data-animation-delay=\"03\" style=\"font-size:24px;border-width:1px;border-style:none;background:#ffffff;color:#333333;border-color:#333333;\"><i class=\"Defaults-anchor\" ><\/i><\/div><div class=\"icon_description\" id=\"Info-list-wrap-1442\" style=\"font-size:24px;\"><h3 class=\"ult-responsive\"  data-ultimate-target='#Info-list-wrap-1442 h3'  data-responsive-json-new='{\"font-size\":\"desktop:21px;\",\"line-height\":\"desktop:80px;\"}'  style=\"\">Coastal marine habitats<\/h3><div class=\"icon_description_text ult-responsive\"  data-ultimate-target='#Info-list-wrap-1442 .icon_description_text'  data-responsive-json-new='{\"font-size\":\"desktop:13px;\",\"line-height\":\"desktop:18px;\"}'  style=\"\"><p><a href=\"http:\/\/mediambient.gencat.cat\/ca\/detalls\/Noticies\/20171006_cartografia_habitats\">Cartography of the coastal habitats of Catalonia<\/a><\/p>\n<p><i><span style=\"font-weight: 400;\">A series of graphic materials from the project \"Cartography of the coastal habitats of Catalonia\".<br \/>\n<\/span><\/i><\/p>\n<\/div><\/div><div class=\"icon_list_connector\"  style=\"border-color:#333333;\"><\/div><\/li><\/ul><\/div><\/div><\/div><\/div><\/div><div class=\"vc_row wpb_row vc_row-fluid dt-default\" style=\"margin-top: 0px;margin-bottom: 0px\"><div class=\"wpb_column vc_column_container vc_col-sm-6\"><div class=\"vc_column-inner\"><div class=\"wpb_wrapper\"><\/div><\/div><\/div><div class=\"wpb_column vc_column_container vc_col-sm-6\"><div class=\"vc_column-inner\"><div class=\"wpb_wrapper\"><\/div><\/div><\/div><\/div>","protected":false},"excerpt":{"rendered":"Centres de Recerca IRTA (Institut de Recerca i Tecnologia Agroaliment\u00e0ries) - Sant Carles de la R\u00e0pita Institut de Ci\u00e8ncies del Mar (ICM) de Barcelona CEAB (Centre d'Estudis Avan\u00e7ats de Blanes) - CSIC, Blanes Centre Ocenogr\u00e0fic de les Balears - Instituto Espa\u00f1ol de Ocenograf\u00eda (CPB - IEO) UIB-CSIC IMEDEA (Institut Mediterrani d'Estudis Avan\u00e7ats), Mallorca Ci\u00e8ncia ciutadana&hellip;","protected":false},"author":1,"featured_media":0,"parent":0,"menu_order":0,"comment_status":"closed","ping_status":"closed","template":"","meta":[],"yoast_head":"<!-- This site is optimized with the Yoast SEO plugin v16.0.1 - https:\/\/yoast.com\/wordpress\/plugins\/seo\/ -->\n<title>Enlla\u00e7os d&#039;inter\u00e8s | Escoles Blaves<\/title>\n<link rel=\"canonical\" href=\"https:\/\/www.escolesblaves.cat\/en\/enllacos-dinteres\/\" \/>\n<meta property=\"og:locale\" content=\"en_GB\" \/>\n<meta property=\"og:type\" content=\"article\" \/>\n<meta property=\"og:title\" content=\"Enlla\u00e7os d&#039;inter\u00e8s | Escoles Blaves\" \/>\n<meta property=\"og:url\" content=\"https:\/\/www.escolesblaves.cat\/en\/enllacos-dinteres\/\" \/>\n<meta property=\"og:site_name\" content=\"Escoles Blaves\" \/>\n<meta property=\"article:publisher\" content=\"https:\/\/www.facebook.com\/PlanctonDivulgacioIServeisMarins\" \/>\n<meta property=\"article:modified_time\" content=\"2018-02-12T13:22:04+00:00\" \/>\n<meta property=\"og:image\" content=\"http:\/\/www.escolesblaves.cat\/wp-content\/uploads\/2017\/05\/thumb-16.png\" \/>\n<meta name=\"twitter:card\" content=\"summary\" \/>\n<meta name=\"twitter:site\" content=\"@planctondivulga\" \/>\n<meta name=\"twitter:label1\" content=\"Estimated reading time\">\n\t<meta name=\"twitter:data1\" content=\"5 minutes\">\n<script type=\"application\/ld+json\" class=\"yoast-schema-graph\">{\"@context\":\"https:\/\/schema.org\",\"@graph\":[{\"@type\":\"Organization\",\"@id\":\"https:\/\/www.escolesblaves.cat\/#organization\",\"name\":\"Escoles blaves\",\"url\":\"https:\/\/www.escolesblaves.cat\/\",\"sameAs\":[\"https:\/\/www.facebook.com\/PlanctonDivulgacioIServeisMarins\",\"http:\/\/www.instagram.com\/planctondivulga\",\"https:\/\/twitter.com\/planctondivulga\"],\"logo\":{\"@type\":\"ImageObject\",\"@id\":\"https:\/\/www.escolesblaves.cat\/#logo\",\"inLanguage\":\"en-GB\",\"url\":\"https:\/\/www.escolesblaves.cat\/wp-content\/uploads\/2017\/05\/logo-web-01-01-01.png\",\"width\":208,\"height\":99,\"caption\":\"Escoles blaves\"},\"image\":{\"@id\":\"https:\/\/www.escolesblaves.cat\/#logo\"}},{\"@type\":\"WebSite\",\"@id\":\"https:\/\/www.escolesblaves.cat\/#website\",\"url\":\"https:\/\/www.escolesblaves.cat\/\",\"name\":\"Escoles Blaves\",\"description\":\"Apropem el mar a les Terres de l&#039;Ebre\",\"publisher\":{\"@id\":\"https:\/\/www.escolesblaves.cat\/#organization\"},\"potentialAction\":[{\"@type\":\"SearchAction\",\"target\":\"https:\/\/www.escolesblaves.cat\/?s={search_term_string}\",\"query-input\":\"required name=search_term_string\"}],\"inLanguage\":\"en-GB\"},{\"@type\":\"WebPage\",\"@id\":\"https:\/\/www.escolesblaves.cat\/enllacos-dinteres\/#webpage\",\"url\":\"https:\/\/www.escolesblaves.cat\/enllacos-dinteres\/\",\"name\":\"Enlla\\u00e7os d'inter\\u00e8s | Escoles Blaves\",\"isPartOf\":{\"@id\":\"https:\/\/www.escolesblaves.cat\/#website\"},\"datePublished\":\"2017-05-16T10:50:25+00:00\",\"dateModified\":\"2018-02-12T13:22:04+00:00\",\"breadcrumb\":{\"@id\":\"https:\/\/www.escolesblaves.cat\/enllacos-dinteres\/#breadcrumb\"},\"inLanguage\":\"en-GB\",\"potentialAction\":[{\"@type\":\"ReadAction\",\"target\":[\"https:\/\/www.escolesblaves.cat\/enllacos-dinteres\/\"]}]},{\"@type\":\"BreadcrumbList\",\"@id\":\"https:\/\/www.escolesblaves.cat\/enllacos-dinteres\/#breadcrumb\",\"itemListElement\":[{\"@type\":\"ListItem\",\"position\":1,\"item\":{\"@type\":\"WebPage\",\"@id\":\"https:\/\/www.escolesblaves.cat\/\",\"url\":\"https:\/\/www.escolesblaves.cat\/\",\"name\":\"Inici\"}},{\"@type\":\"ListItem\",\"position\":2,\"item\":{\"@type\":\"WebPage\",\"@id\":\"https:\/\/www.escolesblaves.cat\/enllacos-dinteres\/\",\"url\":\"https:\/\/www.escolesblaves.cat\/enllacos-dinteres\/\",\"name\":\"Enlla\\u00e7os d&#8217;inter\\u00e8s\"}}]}]}<\/script>\n<!-- \/ Yoast SEO plugin. -->","_links":{"self":[{"href":"https:\/\/www.escolesblaves.cat\/en\/wp-json\/wp\/v2\/pages\/86"}],"collection":[{"href":"https:\/\/www.escolesblaves.cat\/en\/wp-json\/wp\/v2\/pages"}],"about":[{"href":"https:\/\/www.escolesblaves.cat\/en\/wp-json\/wp\/v2\/types\/page"}],"author":[{"embeddable":true,"href":"https:\/\/www.escolesblaves.cat\/en\/wp-json\/wp\/v2\/users\/1"}],"replies":[{"embeddable":true,"href":"https:\/\/www.escolesblaves.cat\/en\/wp-json\/wp\/v2\/comments?post=86"}],"version-history":[{"count":25,"href":"https:\/\/www.escolesblaves.cat\/en\/wp-json\/wp\/v2\/pages\/86\/revisions"}],"predecessor-version":[{"id":91,"href":"https:\/\/www.escolesblaves.cat\/en\/wp-json\/wp\/v2\/pages\/86\/revisions\/91"}],"wp:attachment":[{"href":"https:\/\/www.escolesblaves.cat\/en\/wp-json\/wp\/v2\/media?parent=86"}],"curies":[{"name":"wp","href":"https:\/\/api.w.org\/{rel}","templated":true}]}}