{"id":99,"date":"2017-05-16T14:01:24","date_gmt":"2017-05-16T14:01:24","guid":{"rendered":"http:\/\/www.escolesblaves.cat\/?page_id=99"},"modified":"2025-11-26T15:42:02","modified_gmt":"2025-11-26T15:42:02","slug":"inici","status":"publish","type":"page","link":"https:\/\/www.escolesblaves.cat\/en\/","title":{"rendered":"Home"},"content":{"rendered":"<div data-elementor-type=\"wp-page\" data-elementor-id=\"99\" class=\"elementor elementor-99\" data-elementor-settings=\"[]\">\n\t\t\t\t\t\t\t<div class=\"elementor-section-wrap\">\n\t\t\t\t\t\t\t<section class=\"elementor-section elementor-top-section elementor-element elementor-element-ae27661 elementor-section-boxed elementor-section-height-default elementor-section-height-default\" data-id=\"ae27661\" data-element_type=\"section\">\n\t\t\t\t\t\t<div class=\"elementor-container elementor-column-gap-default\">\n\t\t\t\t\t<div class=\"elementor-column elementor-col-50 elementor-top-column elementor-element elementor-element-623079e\" data-id=\"623079e\" data-element_type=\"column\">\n\t\t\t<div class=\"elementor-widget-wrap elementor-element-populated\">\n\t\t\t\t\t\t\t\t<section class=\"elementor-section elementor-inner-section elementor-element elementor-element-182ae43 elementor-section-boxed elementor-section-height-default elementor-section-height-default\" data-id=\"182ae43\" data-element_type=\"section\">\n\t\t\t\t\t\t<div class=\"elementor-container elementor-column-gap-default\">\n\t\t\t\t\t<div class=\"elementor-column elementor-col-100 elementor-inner-column elementor-element elementor-element-896fb74\" data-id=\"896fb74\" data-element_type=\"column\">\n\t\t\t<div class=\"elementor-widget-wrap elementor-element-populated\">\n\t\t\t\t\t\t\t\t<div class=\"elementor-element elementor-element-9134148 elementor-widget elementor-widget-text-editor\" data-id=\"9134148\" data-element_type=\"widget\" data-widget_type=\"text-editor.default\">\n\t\t\t\t<div class=\"elementor-widget-container\">\n\t\t\t\t\t<div class=\"elementor-text-editor elementor-clearfix\"><h2 style=\"text-align: center;\"><span style=\"color: #6ec1e4;\">Vols acreditar-te com a Escola Blava?<\/span><\/h2><\/div>\n\t\t\t\t<\/div>\n\t\t\t\t<\/div>\n\t\t\t\t\t<\/div>\n\t\t<\/div>\n\t\t\t\t\t\t\t<\/div>\n\t\t<\/section>\n\t\t\t\t<section class=\"elementor-section elementor-inner-section elementor-element elementor-element-079b47a elementor-section-boxed elementor-section-height-default elementor-section-height-default\" data-id=\"079b47a\" data-element_type=\"section\">\n\t\t\t\t\t\t<div class=\"elementor-container elementor-column-gap-default\">\n\t\t\t\t\t<div class=\"elementor-column elementor-col-100 elementor-inner-column elementor-element elementor-element-fc6d5aa\" data-id=\"fc6d5aa\" data-element_type=\"column\">\n\t\t\t<div class=\"elementor-widget-wrap elementor-element-populated\">\n\t\t\t\t\t\t\t\t<div class=\"elementor-element elementor-element-c577aa7 elementor-widget elementor-widget-text-editor\" data-id=\"c577aa7\" data-element_type=\"widget\" data-widget_type=\"text-editor.default\">\n\t\t\t\t<div class=\"elementor-widget-container\">\n\t\t\t\t\t<div class=\"elementor-text-editor elementor-clearfix\"><p>Una Escola Blava \u00e9s un centre educatiu d&#8217;educaci\u00f3 infantil, prim\u00e0ria, secund\u00e0ria o cicles formatius, que, a trav\u00e9s de l&#8217;aprenentatge basat en projectes, involucra a l&#8217;alumnat\u00a0 i docents amb temes relacionats amb la mar i els rius per a crear consci\u00e8ncia i un sentiment de responsabilitat pels nostres oceans.<\/p><\/div>\n\t\t\t\t<\/div>\n\t\t\t\t<\/div>\n\t\t\t\t\t<\/div>\n\t\t<\/div>\n\t\t\t\t\t\t\t<\/div>\n\t\t<\/section>\n\t\t\t\t<section class=\"elementor-section elementor-inner-section elementor-element elementor-element-911105d elementor-section-boxed elementor-section-height-default elementor-section-height-default\" data-id=\"911105d\" data-element_type=\"section\">\n\t\t\t\t\t\t<div class=\"elementor-container elementor-column-gap-default\">\n\t\t\t\t\t<div class=\"elementor-column elementor-col-100 elementor-inner-column elementor-element elementor-element-010c838\" data-id=\"010c838\" data-element_type=\"column\">\n\t\t\t<div class=\"elementor-widget-wrap elementor-element-populated\">\n\t\t\t\t\t\t\t\t<div class=\"elementor-element elementor-element-5b02799 elementor-widget elementor-widget-text-editor\" data-id=\"5b02799\" data-element_type=\"widget\" data-widget_type=\"text-editor.default\">\n\t\t\t\t<div class=\"elementor-widget-container\">\n\t\t\t\t\t<div class=\"elementor-text-editor elementor-clearfix\"><p>Al seg\u00fcent\u00a0<a href=\"https:\/\/www.miteco.gob.es\/content\/dam\/miteco\/es\/ceneam\/grupos-de-trabajo-y-seminarios\/reeducamar\/2024\/blueschools.pdf\" target=\"_blank\" rel=\"noopener\">enlla\u00e7\u00a0<\/a>o al v\u00eddeo podr\u00e0s trobar m\u00e9s informaci\u00f3 dels requisits i com plenar la documentaci\u00f3. Si tens qualsevol dubte, contacta amb nosaltres!\u00a0<\/p><\/div>\n\t\t\t\t<\/div>\n\t\t\t\t<\/div>\n\t\t\t\t\t<\/div>\n\t\t<\/div>\n\t\t\t\t\t\t\t<\/div>\n\t\t<\/section>\n\t\t\t\t<section class=\"elementor-section elementor-inner-section elementor-element elementor-element-fc86b7f elementor-section-boxed elementor-section-height-default elementor-section-height-default\" data-id=\"fc86b7f\" data-element_type=\"section\">\n\t\t\t\t\t\t<div class=\"elementor-container elementor-column-gap-default\">\n\t\t\t\t\t<div class=\"elementor-column elementor-col-100 elementor-inner-column elementor-element elementor-element-88bcdfe\" data-id=\"88bcdfe\" data-element_type=\"column\">\n\t\t\t<div class=\"elementor-widget-wrap elementor-element-populated\">\n\t\t\t\t\t\t\t\t<div class=\"elementor-element elementor-element-5ebb945 elementor-widget elementor-widget-text-editor\" data-id=\"5ebb945\" data-element_type=\"widget\" data-widget_type=\"text-editor.default\">\n\t\t\t\t<div class=\"elementor-widget-container\">\n\t\t\t\t\t<div class=\"elementor-text-editor elementor-clearfix\"><p style=\"text-align: center;\">Segueix-nos en Instagram <a href=\"https:\/\/www.instagram.com\/escolesblaves_cat?igsh=MXBtMGM3eHpia2U1ZQ==\">&#8220;Xarxa Catalana d&#8217;Escoles Blaves<\/a>&#8220;<\/p><\/div>\n\t\t\t\t<\/div>\n\t\t\t\t<\/div>\n\t\t\t\t\t<\/div>\n\t\t<\/div>\n\t\t\t\t\t\t\t<\/div>\n\t\t<\/section>\n\t\t\t\t\t<\/div>\n\t\t<\/div>\n\t\t\t\t<div class=\"elementor-column elementor-col-50 elementor-top-column elementor-element elementor-element-e676de5\" data-id=\"e676de5\" data-element_type=\"column\">\n\t\t\t<div class=\"elementor-widget-wrap elementor-element-populated\">\n\t\t\t\t\t\t\t\t<div class=\"elementor-element elementor-element-7a82779 elementor-aspect-ratio-169 elementor-widget elementor-widget-video\" data-id=\"7a82779\" data-element_type=\"widget\" data-settings=\"{&quot;youtube_url&quot;:&quot;https:\\\/\\\/www.youtube.com\\\/watch?v=5NzyENRTHfA&quot;,&quot;video_type&quot;:&quot;youtube&quot;,&quot;controls&quot;:&quot;yes&quot;,&quot;aspect_ratio&quot;:&quot;169&quot;}\" data-widget_type=\"video.default\">\n\t\t\t\t<div class=\"elementor-widget-container\">\n\t\t\t\t\t<div class=\"elementor-wrapper elementor-fit-aspect-ratio elementor-open-inline\">\n\t\t\t<div class=\"elementor-video\"><\/div>\t\t<\/div>\n\t\t\t\t<\/div>\n\t\t\t\t<\/div>\n\t\t\t\t\t<\/div>\n\t\t<\/div>\n\t\t\t\t\t\t\t<\/div>\n\t\t<\/section>\n\t\t\t\t<section class=\"elementor-section elementor-top-section elementor-element elementor-element-e30e927 elementor-section-boxed elementor-section-height-default elementor-section-height-default\" data-id=\"e30e927\" data-element_type=\"section\">\n\t\t\t\t\t\t<div class=\"elementor-container elementor-column-gap-default\">\n\t\t\t\t\t<div class=\"elementor-column elementor-col-100 elementor-top-column elementor-element elementor-element-9edf719\" data-id=\"9edf719\" data-element_type=\"column\">\n\t\t\t<div class=\"elementor-widget-wrap elementor-element-populated\">\n\t\t\t\t\t\t\t\t<div class=\"elementor-element elementor-element-17f71159 elementor-widget elementor-widget-text-editor\" data-id=\"17f71159\" data-element_type=\"widget\" data-widget_type=\"text-editor.default\">\n\t\t\t\t<div class=\"elementor-widget-container\">\n\t\t\t\t\t<div class=\"elementor-text-editor elementor-clearfix\"><div data-min-height=\"350\" class=\"vc_row wpb_row vc_row-fluid full-width-wrap dt-default\" style=\"padding-left: 0px;padding-right: 0px;margin-top: -70px;margin-bottom: -100px\"><div class=\"wpb_column vc_column_container vc_col-sm-4 vc_col-has-fill\"><div class=\"vc_column-inner vc_custom_1519036431615\"><div class=\"wpb_wrapper\">\n\t<div class=\"wpb_text_column wpb_content_element  home-columna\" >\n\t\t<div class=\"wpb_wrapper\">\n\t\t\t<h3>Blue Schools<\/h3>\n<p>A group of schools which include content related to the sea in their education programmes by using marine science as a cross-curricular theme. They place a special emphasis on getting to know the sea and coastlines of the Terres de l\u2019Ebre region.<\/p>\n<p><span style=\"color: #000000;\"><a style=\"color: #000000;\" href=\"https:\/\/www.escolesblaves.cat\/en\/escoles-blaves\/\">Discover the project >><\/a><\/span><\/p>\n\n\t\t<\/div>\n\t<\/div>\n<\/div><\/div><\/div><div class=\"wpb_column vc_column_container vc_col-sm-4 vc_col-has-fill\"><div class=\"vc_column-inner vc_custom_1519034885683\"><div class=\"wpb_wrapper\">\n\t<div class=\"wpb_text_column wpb_content_element  home-columna\" >\n\t\t<div class=\"wpb_wrapper\">\n\t\t\t<h3>What are we doing?<\/h3>\n<p>We are currently collaborating with science teachers in the field of marine science, developing ways to include this project in secondary schools, and giving talks on the subject in public libraries.<\/p>\n<p><a href=\"http:\/\/www.escolesblaves.cat\/en\/blog\/\">Read about latest developments on our blog >><\/a><\/p>\n<p><a href=\"http:\/\/www.escolesblaves.cat\/en\/events\/\">Check our calendar >><\/a><\/p>\n\n\t\t<\/div>\n\t<\/div>\n<\/div><\/div><\/div><div class=\"wpb_column vc_column_container vc_col-sm-4 vc_col-has-fill\"><div class=\"vc_column-inner vc_custom_1519034893547\"><div class=\"wpb_wrapper\">\n\t<div class=\"wpb_text_column wpb_content_element  home-columna\" >\n\t\t<div class=\"wpb_wrapper\">\n\t\t\t<h3><span style=\"color: #ffffff;\">Learning materials<\/span><\/h3>\n<p><span style=\"color: #ffffff;\">Within the framework of our project, we create interesting learning materials and design useful practical experiences which are available on our web ready to be used in school.<br \/><\/span><\/p>\n<p>\u00a0<\/p>\n<p><span style=\"color: #ffffff;\"><a style=\"color: #ffffff;\" href=\"https:\/\/www.escolesblaves.cat\/en\/recursos-didactics\/\">Find out more >><\/a><\/span><\/p>\n\n\t\t<\/div>\n\t<\/div>\n<\/div><\/div><\/div><\/div><div class=\"vc_row wpb_row vc_row-fluid dt-default\" style=\"margin-top: 0px;margin-bottom: 0px\"><div class=\"wpb_column vc_column_container vc_col-sm-4\"><div class=\"vc_column-inner vc_custom_1519037370594\"><div class=\"wpb_wrapper\">\n\t<div  class=\"wpb_single_image wpb_content_element vc_align_right\">\n\t\t\n\t\t<figure class=\"wpb_wrapper vc_figure\">\n\t\t\t<a href=\"https:\/\/www.escolesblaves.cat\/en\/newsletter\/\" target=\"_self\" class=\"vc_single_image-wrapper   vc_box_border_grey\"><img loading=\"lazy\" class=\"vc_single_image-img\" src=\"https:\/\/www.escolesblaves.cat\/wp-content\/uploads\/2017\/12\/sobre-01-265x280.png\" width=\"265\" height=\"280\" alt=\"sobre-01\" title=\"sobre-01\" \/><\/a>\n\t\t<\/figure>\n\t<\/div>\n<\/div><\/div><\/div><div class=\"wpb_column vc_column_container vc_col-sm-8\"><div class=\"vc_column-inner vc_custom_1519036522535\"><div class=\"wpb_wrapper\"><div class=\"vc_separator wpb_content_element vc_separator_align_center vc_sep_width_100 vc_sep_pos_align_center vc_separator_no_text vc_sep_color_white vc_custom_1519037336956  vc_custom_1519037336956\" ><span class=\"vc_sep_holder vc_sep_holder_l\"><span  class=\"vc_sep_line\"><\/span><\/span><span class=\"vc_sep_holder vc_sep_holder_r\"><span  class=\"vc_sep_line\"><\/span><\/span>\n<\/div>\n\t<div class=\"wpb_text_column wpb_content_element\" >\n\t\t<div class=\"wpb_wrapper\">\n\t\t\t<h2>Do you want to follow<br \/>the Blue Schools project? (in Catalan)<\/h2>\n\n\t\t<\/div>\n\t<\/div>\n<a href=\"https:\/\/www.escolesblaves.cat\/en\/newsletter\/\" class=\"default-btn-shortcode dt-btn dt-btn-m btn-inline-left\" id=\"default-btn-1\"><span>Apunta&#8217;t a la nostra newsletter!<\/span><\/a><\/div><\/div><\/div><\/div><div class=\"vc_row wpb_row vc_row-fluid dt-default\" style=\"margin-top: 0px;margin-bottom: 0px\"><div class=\"wpb_column vc_column_container vc_col-sm-12\"><div class=\"vc_column-inner\"><div class=\"wpb_wrapper\"><div class=\"vc_separator wpb_content_element vc_separator_align_center vc_sep_width_100 vc_sep_border_width_2 vc_sep_pos_align_center vc_separator_no_text vc_sep_color_grey\" ><span class=\"vc_sep_holder vc_sep_holder_l\"><span  class=\"vc_sep_line\"><\/span><\/span><span class=\"vc_sep_holder vc_sep_holder_r\"><span  class=\"vc_sep_line\"><\/span><\/span>\n<\/div><\/div><\/div><\/div><\/div><\/div>\n\t\t\t\t<\/div>\n\t\t\t\t<\/div>\n\t\t\t\t\t<\/div>\n\t\t<\/div>\n\t\t\t\t\t\t\t<\/div>\n\t\t<\/section>\n\t\t\t\t\t\t<\/div>\n\t\t\t\t\t<\/div>","protected":false},"excerpt":{"rendered":"<p>Vols acreditar-te com a Escola Blava? Una Escola Blava \u00e9s un centre educatiu d&#8217;educaci\u00f3 infantil, prim\u00e0ria, secund\u00e0ria o cicles formatius, que, a trav\u00e9s de l&#8217;aprenentatge basat en projectes, involucra a l&#8217;alumnat\u00a0 i docents amb temes relacionats amb la mar i els rius per a crear consci\u00e8ncia i un sentiment de responsabilitat pels nostres oceans. Al&hellip;<\/p>","protected":false},"author":1,"featured_media":119,"parent":0,"menu_order":0,"comment_status":"closed","ping_status":"closed","template":"","meta":[],"yoast_head":"<!-- This site is optimized with the Yoast SEO plugin v16.0.1 - https:\/\/yoast.com\/wordpress\/plugins\/seo\/ -->\n<title>Inici | Escoles Blaves<\/title>\n<meta name=\"description\" content=\"Continguts marins per centres educatius per treballar les ci\u00e8ncies marines, fent \u00e8mfasi en comunicar el patrimoni mar\u00ed i costaner de les Terres de l&#039;Ebre.\" \/>\n<link rel=\"canonical\" href=\"https:\/\/www.escolesblaves.cat\/en\/\" \/>\n<meta property=\"og:locale\" content=\"en_GB\" \/>\n<meta property=\"og:type\" content=\"article\" \/>\n<meta property=\"og:title\" content=\"Inici | Escoles Blaves\" \/>\n<meta property=\"og:description\" content=\"Continguts marins per centres educatius per treballar les ci\u00e8ncies marines, fent \u00e8mfasi en comunicar el patrimoni mar\u00ed i costaner de les Terres de l&#039;Ebre.\" \/>\n<meta property=\"og:url\" content=\"https:\/\/www.escolesblaves.cat\/en\/\" \/>\n<meta property=\"og:site_name\" content=\"Escoles Blaves\" \/>\n<meta property=\"article:publisher\" content=\"https:\/\/www.facebook.com\/PlanctonDivulgacioIServeisMarins\" \/>\n<meta property=\"article:modified_time\" content=\"2025-11-26T15:42:02+00:00\" \/>\n<meta property=\"og:image\" content=\"https:\/\/www.escolesblaves.cat\/wp-content\/uploads\/2017\/05\/fons-escoles-07-07.png\" \/>\n\t<meta property=\"og:image:width\" content=\"3333\" \/>\n\t<meta property=\"og:image:height\" content=\"1458\" \/>\n<meta name=\"twitter:card\" content=\"summary\" \/>\n<meta name=\"twitter:site\" content=\"@planctondivulga\" \/>\n<meta name=\"twitter:label1\" content=\"Estimated reading time\">\n\t<meta name=\"twitter:data1\" content=\"2 minutes\">\n<script type=\"application\/ld+json\" class=\"yoast-schema-graph\">{\"@context\":\"https:\/\/schema.org\",\"@graph\":[{\"@type\":\"Organization\",\"@id\":\"https:\/\/www.escolesblaves.cat\/#organization\",\"name\":\"Escoles blaves\",\"url\":\"https:\/\/www.escolesblaves.cat\/\",\"sameAs\":[\"https:\/\/www.facebook.com\/PlanctonDivulgacioIServeisMarins\",\"http:\/\/www.instagram.com\/planctondivulga\",\"https:\/\/twitter.com\/planctondivulga\"],\"logo\":{\"@type\":\"ImageObject\",\"@id\":\"https:\/\/www.escolesblaves.cat\/#logo\",\"inLanguage\":\"en-GB\",\"url\":\"https:\/\/www.escolesblaves.cat\/wp-content\/uploads\/2017\/05\/logo-web-01-01-01.png\",\"width\":208,\"height\":99,\"caption\":\"Escoles blaves\"},\"image\":{\"@id\":\"https:\/\/www.escolesblaves.cat\/#logo\"}},{\"@type\":\"WebSite\",\"@id\":\"https:\/\/www.escolesblaves.cat\/#website\",\"url\":\"https:\/\/www.escolesblaves.cat\/\",\"name\":\"Escoles Blaves\",\"description\":\"Apropem el mar a les Terres de l&#039;Ebre\",\"publisher\":{\"@id\":\"https:\/\/www.escolesblaves.cat\/#organization\"},\"potentialAction\":[{\"@type\":\"SearchAction\",\"target\":\"https:\/\/www.escolesblaves.cat\/?s={search_term_string}\",\"query-input\":\"required name=search_term_string\"}],\"inLanguage\":\"en-GB\"},{\"@type\":\"ImageObject\",\"@id\":\"https:\/\/www.escolesblaves.cat\/#primaryimage\",\"inLanguage\":\"en-GB\",\"url\":\"https:\/\/www.escolesblaves.cat\/wp-content\/uploads\/2017\/05\/fons-escoles-07-07.png\",\"width\":3333,\"height\":1458},{\"@type\":\"WebPage\",\"@id\":\"https:\/\/www.escolesblaves.cat\/#webpage\",\"url\":\"https:\/\/www.escolesblaves.cat\/\",\"name\":\"Inici | Escoles Blaves\",\"isPartOf\":{\"@id\":\"https:\/\/www.escolesblaves.cat\/#website\"},\"primaryImageOfPage\":{\"@id\":\"https:\/\/www.escolesblaves.cat\/#primaryimage\"},\"datePublished\":\"2017-05-16T14:01:24+00:00\",\"dateModified\":\"2025-11-26T15:42:02+00:00\",\"description\":\"Continguts marins per centres educatius per treballar les ci\\u00e8ncies marines, fent \\u00e8mfasi en comunicar el patrimoni mar\\u00ed i costaner de les Terres de l'Ebre.\",\"breadcrumb\":{\"@id\":\"https:\/\/www.escolesblaves.cat\/#breadcrumb\"},\"inLanguage\":\"en-GB\",\"potentialAction\":[{\"@type\":\"ReadAction\",\"target\":[\"https:\/\/www.escolesblaves.cat\/\"]}]},{\"@type\":\"BreadcrumbList\",\"@id\":\"https:\/\/www.escolesblaves.cat\/#breadcrumb\",\"itemListElement\":[{\"@type\":\"ListItem\",\"position\":1,\"item\":{\"@type\":\"WebPage\",\"@id\":\"https:\/\/www.escolesblaves.cat\/\",\"url\":\"https:\/\/www.escolesblaves.cat\/\",\"name\":\"Inici\"}},{\"@type\":\"ListItem\",\"position\":2,\"item\":{\"@type\":\"WebPage\",\"@id\":\"https:\/\/www.escolesblaves.cat\/\",\"url\":\"https:\/\/www.escolesblaves.cat\/\",\"name\":\"Inici\"}}]}]}<\/script>\n<!-- \/ Yoast SEO plugin. -->","_links":{"self":[{"href":"https:\/\/www.escolesblaves.cat\/en\/wp-json\/wp\/v2\/pages\/99"}],"collection":[{"href":"https:\/\/www.escolesblaves.cat\/en\/wp-json\/wp\/v2\/pages"}],"about":[{"href":"https:\/\/www.escolesblaves.cat\/en\/wp-json\/wp\/v2\/types\/page"}],"author":[{"embeddable":true,"href":"https:\/\/www.escolesblaves.cat\/en\/wp-json\/wp\/v2\/users\/1"}],"replies":[{"embeddable":true,"href":"https:\/\/www.escolesblaves.cat\/en\/wp-json\/wp\/v2\/comments?post=99"}],"version-history":[{"count":70,"href":"https:\/\/www.escolesblaves.cat\/en\/wp-json\/wp\/v2\/pages\/99\/revisions"}],"predecessor-version":[{"id":788,"href":"https:\/\/www.escolesblaves.cat\/en\/wp-json\/wp\/v2\/pages\/99\/revisions\/788"}],"wp:featuredmedia":[{"embeddable":true,"href":"https:\/\/www.escolesblaves.cat\/en\/wp-json\/wp\/v2\/media\/119"}],"wp:attachment":[{"href":"https:\/\/www.escolesblaves.cat\/en\/wp-json\/wp\/v2\/media?parent=99"}],"curies":[{"name":"wp","href":"https:\/\/api.w.org\/{rel}","templated":true}]}}